{"id":13436,"date":"2018-08-03T12:32:40","date_gmt":"2018-08-03T10:32:40","guid":{"rendered":"https:\/\/www.corbiac.com\/pecharmant\/"},"modified":"2026-04-17T22:25:55","modified_gmt":"2026-04-17T20:25:55","slug":"pecharmant-premier-vignoble-de-bergerac","status":"publish","type":"page","link":"https:\/\/www.corbiac.com\/it\/pecharmant-premier-vignoble-de-bergerac\/","title":{"rendered":"P\u00e9charmant"},"content":{"rendered":"\t\t<div data-elementor-type=\"wp-page\" data-elementor-id=\"13436\" class=\"elementor elementor-13436 elementor-414\">\n\t\t\t\t\t\t<section class=\"elementor-section elementor-top-section elementor-element elementor-element-8b67281 elementor-section-boxed elementor-section-height-default elementor-section-height-default\" data-id=\"8b67281\" data-element_type=\"section\" data-e-type=\"section\">\n\t\t\t\t\t\t<div class=\"elementor-container elementor-column-gap-default\">\n\t\t\t\t\t<div class=\"elementor-column elementor-col-100 elementor-top-column elementor-element elementor-element-80cb764\" data-id=\"80cb764\" data-element_type=\"column\" data-e-type=\"column\">\n\t\t\t<div class=\"elementor-widget-wrap elementor-element-populated\">\n\t\t\t\t\t\t<section class=\"elementor-section elementor-inner-section elementor-element elementor-element-7241e6c elementor-section-boxed elementor-section-height-default elementor-section-height-default\" data-id=\"7241e6c\" data-element_type=\"section\" data-e-type=\"section\">\n\t\t\t\t\t\t<div class=\"elementor-container elementor-column-gap-default\">\n\t\t\t\t\t<div class=\"elementor-column elementor-col-100 elementor-inner-column elementor-element elementor-element-360f36c\" data-id=\"360f36c\" data-element_type=\"column\" data-e-type=\"column\">\n\t\t\t<div class=\"elementor-widget-wrap elementor-element-populated\">\n\t\t\t\t\t\t<div class=\"elementor-element elementor-element-8e41ca4 elementor-widget elementor-widget-text-editor\" data-id=\"8e41ca4\" data-element_type=\"widget\" data-e-type=\"widget\" data-widget_type=\"text-editor.default\">\n\t\t\t\t<div class=\"elementor-widget-container\">\n\t\t\t\t\t\t\t\t\t<p><strong><b><i>A poche centinaia di chilometri a est di Bordeaux si trova il vigneto di P\u00e9charmant, considerato il fiore all&#8217;occhiello dei vini del P\u00e9rigord o Pomerol de Bergerac&#8230;<\/i><\/b><\/strong><\/p>\n\t\t\t\t\t\t\t\t<\/div>\n\t\t\t\t<\/div>\n\t\t\t\t<div class=\"elementor-element elementor-element-b9c4716 elementor-widget elementor-widget-image\" data-id=\"b9c4716\" data-element_type=\"widget\" data-e-type=\"widget\" data-widget_type=\"image.default\">\n\t\t\t\t<div class=\"elementor-widget-container\">\n\t\t\t\t\t\t\t\t\t\t\t\t\t\t\t<img decoding=\"async\" width=\"250\" height=\"153\" src=\"https:\/\/www.corbiac.com\/wp-content\/uploads\/elementor\/thumbs\/xstore-placeholder-q4mgcxkm2w3ckz4sxd8asgs3bmlmpt07kuky5lgqug.png\" class=\"attachment-large size-large wp-image-10452 lazyload lazyload-simple et-lazyload-fadeIn\" alt=\"\" sizes=\"(max-width: 250px) 100vw, 250px\" data-src=\"https:\/\/www.corbiac.com\/wp-content\/uploads\/2022\/07\/pres1.jpg\" data-srcset=\"https:\/\/www.corbiac.com\/wp-content\/uploads\/2022\/07\/pres1.jpg 250w, https:\/\/www.corbiac.com\/wp-content\/uploads\/2022\/07\/pres1-200x122.jpg 200w, https:\/\/www.corbiac.com\/wp-content\/uploads\/2022\/07\/pres1-1x1.jpg 1w, https:\/\/www.corbiac.com\/wp-content\/uploads\/2022\/07\/pres1-10x6.jpg 10w, https:\/\/www.corbiac.com\/wp-content\/uploads\/2022\/07\/pres1-100x61.jpg 100w\" \/>\t\t\t\t\t\t\t\t\t\t\t\t\t\t\t<\/div>\n\t\t\t\t<\/div>\n\t\t\t\t<div class=\"elementor-element elementor-element-2a48056 elementor-widget elementor-widget-heading\" data-id=\"2a48056\" data-element_type=\"widget\" data-e-type=\"widget\" data-widget_type=\"heading.default\">\n\t\t\t\t<div class=\"elementor-widget-container\">\n\t\t\t\t\t<h1 class=\"elementor-heading-title elementor-size-default\">Nel corso del tempo, Corbiac, nel cuore di Puycharman...<\/h1>\t\t\t\t<\/div>\n\t\t\t\t<\/div>\n\t\t\t\t<div class=\"elementor-element elementor-element-a2c2740 elementor-widget elementor-widget-spacer\" data-id=\"a2c2740\" data-element_type=\"widget\" data-e-type=\"widget\" data-widget_type=\"spacer.default\">\n\t\t\t\t<div class=\"elementor-widget-container\">\n\t\t\t\t\t\t\t<div class=\"elementor-spacer\">\n\t\t\t<div class=\"elementor-spacer-inner\"><\/div>\n\t\t<\/div>\n\t\t\t\t\t\t<\/div>\n\t\t\t\t<\/div>\n\t\t\t\t\t<\/div>\n\t\t<\/div>\n\t\t\t\t\t<\/div>\n\t\t<\/section>\n\t\t\t\t<div class=\"elementor-element elementor-element-021257a elementor-widget elementor-widget-spacer\" data-id=\"021257a\" data-element_type=\"widget\" data-e-type=\"widget\" data-widget_type=\"spacer.default\">\n\t\t\t\t<div class=\"elementor-widget-container\">\n\t\t\t\t\t\t\t<div class=\"elementor-spacer\">\n\t\t\t<div class=\"elementor-spacer-inner\"><\/div>\n\t\t<\/div>\n\t\t\t\t\t\t<\/div>\n\t\t\t\t<\/div>\n\t\t\t\t<section class=\"elementor-section elementor-inner-section elementor-element elementor-element-5008b9d elementor-section-boxed elementor-section-height-default elementor-section-height-default\" data-id=\"5008b9d\" data-element_type=\"section\" data-e-type=\"section\">\n\t\t\t\t\t\t<div class=\"elementor-container elementor-column-gap-default\">\n\t\t\t\t\t<div class=\"elementor-column elementor-col-66 elementor-inner-column elementor-element elementor-element-4aef28e\" data-id=\"4aef28e\" data-element_type=\"column\" data-e-type=\"column\">\n\t\t\t<div class=\"elementor-widget-wrap elementor-element-populated\">\n\t\t\t\t\t\t<div class=\"elementor-element elementor-element-bf88afa elementor-widget elementor-widget-heading\" data-id=\"bf88afa\" data-element_type=\"widget\" data-e-type=\"widget\" data-widget_type=\"heading.default\">\n\t\t\t\t<div class=\"elementor-widget-container\">\n\t\t\t\t\t<h2 class=\"elementor-heading-title elementor-size-default\">Le prime tracce di vita e attivit\u00e0 nella preistoria<\/h2>\t\t\t\t<\/div>\n\t\t\t\t<\/div>\n\t\t\t\t<div class=\"elementor-element elementor-element-032f943 elementor-widget elementor-widget-text-editor\" data-id=\"032f943\" data-element_type=\"widget\" data-e-type=\"widget\" data-widget_type=\"text-editor.default\">\n\t\t\t\t<div class=\"elementor-widget-container\">\n\t\t\t\t\t\t\t\t\t<p>Nel Perigordiano superiore, 20.000 anni a.C., all&#8217;epoca delle pitture rupestri di Lascaux, quando l&#8217;Homo Sapiens Sapiens, dopo aver scoperto l&#8217;ago per la cruna in osso, non si &#8220;drappeggiava&#8221; pi\u00f9 con pelli di animali ma vestiva abiti &#8220;cuciti&#8221;, il sito di Corbiac era gi\u00e0 abitato. Gli scavi archeologici condotti dall&#8217;Universit\u00e0 di Bordeaux negli anni &#8217;60, sotto il prato del castello, hanno portato alla luce laboratori di selciatura e speciali scalpelli a diedro, noti come &#8220;scalpelli di Corbiac&#8221;, oggi esposti al Museo Nazionale di Preistoria di Les Eyzies. <\/p>\n<p>A poca distanza dal guado del torrente &#8220;Caudeau&#8221; e sul fianco di una collina da cui la vista si estende per una trentina di chilometri su tutta la valle della Dordogna, Corbiac, pur essendo vicina a depositi di selce e sorgenti termali, forma una chiusa sulla valle proveniente da nord prima di poter attraversare la Dordogna al guado di Bergerac.<\/p>\n\t\t\t\t\t\t\t\t<\/div>\n\t\t\t\t<\/div>\n\t\t\t\t\t<\/div>\n\t\t<\/div>\n\t\t\t\t<div class=\"elementor-column elementor-col-33 elementor-inner-column elementor-element elementor-element-148c3eb\" data-id=\"148c3eb\" data-element_type=\"column\" data-e-type=\"column\">\n\t\t\t<div class=\"elementor-widget-wrap elementor-element-populated\">\n\t\t\t\t\t\t<div class=\"elementor-element elementor-element-997e5f1 elementor-widget elementor-widget-image\" data-id=\"997e5f1\" data-element_type=\"widget\" data-e-type=\"widget\" data-widget_type=\"image.default\">\n\t\t\t\t<div class=\"elementor-widget-container\">\n\t\t\t\t\t\t\t\t\t\t\t\t\t\t\t<img fetchpriority=\"high\" decoding=\"async\" width=\"230\" height=\"317\" src=\"https:\/\/www.corbiac.com\/wp-content\/uploads\/xstore\/xstore-placeholder-1024x1024.png\" class=\"attachment-large size-large wp-image-11620 lazyload lazyload-simple et-lazyload-fadeIn\" alt=\"bordeaux\" sizes=\"(max-width: 230px) 100vw, 230px\" data-src=\"https:\/\/www.corbiac.com\/wp-content\/uploads\/2022\/08\/pres1a.jpg\" data-srcset=\"https:\/\/www.corbiac.com\/wp-content\/uploads\/2022\/08\/pres1a.jpg 230w, https:\/\/www.corbiac.com\/wp-content\/uploads\/2022\/08\/pres1a-200x276.jpg 200w, https:\/\/www.corbiac.com\/wp-content\/uploads\/2022\/08\/pres1a-218x300.jpg 218w, https:\/\/www.corbiac.com\/wp-content\/uploads\/2022\/08\/pres1a-7x10.jpg 7w, https:\/\/www.corbiac.com\/wp-content\/uploads\/2022\/08\/pres1a-73x100.jpg 73w\" \/>\t\t\t\t\t\t\t\t\t\t\t\t\t\t\t<\/div>\n\t\t\t\t<\/div>\n\t\t\t\t\t<\/div>\n\t\t<\/div>\n\t\t\t\t\t<\/div>\n\t\t<\/section>\n\t\t\t\t<section class=\"elementor-section elementor-inner-section elementor-element elementor-element-056ea46 elementor-section-boxed elementor-section-height-default elementor-section-height-default\" data-id=\"056ea46\" data-element_type=\"section\" data-e-type=\"section\">\n\t\t\t\t\t\t<div class=\"elementor-container elementor-column-gap-default\">\n\t\t\t\t\t<div class=\"elementor-column elementor-col-100 elementor-inner-column elementor-element elementor-element-81b6868\" data-id=\"81b6868\" data-element_type=\"column\" data-e-type=\"column\">\n\t\t\t<div class=\"elementor-widget-wrap elementor-element-populated\">\n\t\t\t\t\t\t<div class=\"elementor-element elementor-element-2a8d69b elementor-widget elementor-widget-heading\" data-id=\"2a8d69b\" data-element_type=\"widget\" data-e-type=\"widget\" data-widget_type=\"heading.default\">\n\t\t\t\t<div class=\"elementor-widget-container\">\n\t\t\t\t\t<h2 class=\"elementor-heading-title elementor-size-default\">I vigneti del Castrum de Bergerac e il priorato di Saint-Martin<\/h2>\t\t\t\t<\/div>\n\t\t\t\t<\/div>\n\t\t\t\t<div class=\"elementor-element elementor-element-9de21de elementor-widget elementor-widget-text-editor\" data-id=\"9de21de\" data-element_type=\"widget\" data-e-type=\"widget\" data-widget_type=\"text-editor.default\">\n\t\t\t\t<div class=\"elementor-widget-container\">\n\t\t\t\t\t\t\t\t\t<p>Nato nel turbolento Medioevo, Bergerac deve le sue origini feudali all&#8217;amministrazione della regione dal 778 all&#8217;838 da parte di Wilbald, il primo conte di P\u00e9rigord, nominato da Carlo Magno. Le vigne, dal canto loro, comparvero nell&#8217;XI secolo sotto due impulsi: signorile, dipendente dal Castrum affidato dal Conte di P\u00e9rigord alla custodia di prevosti o governatori, che sorvegliavano il guado di Bergerac, ed ecclesiastico, in connessione con il priorato di Saint-Martin, fondato nel 1080 dall&#8217;abate di Saint-Florent de Saumur. Questo doppio vigneto si \u00e8 poi sviluppato a nord della citt\u00e0, formando il primo nucleo del vigneto di Bergerac.  <\/p>\n<p>Nel XIV secolo, questo antico vigneto privilegiato fu delimitato in modo preciso e specifico dalla parola &#8220;vin\u00e9e&#8221;, traduzione del diritto concesso nel 1322 da Renaud de Pons, signore di Bergerac, ai consoli e agli abitanti della citt\u00e0 di apporre un marchio speciale sulle botti di vino che lasciavano il loro territorio: da un lato, una zampa di grifone, dall&#8217;altro, una torre.<\/p>\n\t\t\t\t\t\t\t\t<\/div>\n\t\t\t\t<\/div>\n\t\t\t\t\t<\/div>\n\t\t<\/div>\n\t\t\t\t\t<\/div>\n\t\t<\/section>\n\t\t\t\t<section class=\"elementor-section elementor-inner-section elementor-element elementor-element-cfaa116 elementor-section-boxed elementor-section-height-default elementor-section-height-default\" data-id=\"cfaa116\" data-element_type=\"section\" data-e-type=\"section\">\n\t\t\t\t\t\t<div class=\"elementor-container elementor-column-gap-default\">\n\t\t\t\t\t<div class=\"elementor-column elementor-col-50 elementor-inner-column elementor-element elementor-element-7eda88a\" data-id=\"7eda88a\" data-element_type=\"column\" data-e-type=\"column\">\n\t\t\t<div class=\"elementor-widget-wrap elementor-element-populated\">\n\t\t\t\t\t\t<div class=\"elementor-element elementor-element-fd1d398 elementor-widget elementor-widget-image\" data-id=\"fd1d398\" data-element_type=\"widget\" data-e-type=\"widget\" data-widget_type=\"image.default\">\n\t\t\t\t<div class=\"elementor-widget-container\">\n\t\t\t\t\t\t\t\t\t\t\t\t\t\t\t\t<a href=\"https:\/\/www.corbiac.com\/wp-content\/uploads\/2022\/07\/pres1b.jpg\" data-elementor-open-lightbox=\"no\">\n\t\t\t\t\t\t\t<img decoding=\"async\" width=\"313\" height=\"400\" src=\"https:\/\/www.corbiac.com\/wp-content\/uploads\/xstore\/xstore-placeholder-1024x1024.png\" class=\"attachment-large size-large wp-image-10456 lazyload lazyload-simple et-lazyload-fadeIn\" alt=\"\" sizes=\"(max-width: 313px) 100vw, 313px\" data-src=\"https:\/\/www.corbiac.com\/wp-content\/uploads\/2022\/07\/pres1b.jpg\" data-srcset=\"https:\/\/www.corbiac.com\/wp-content\/uploads\/2022\/07\/pres1b.jpg 313w, https:\/\/www.corbiac.com\/wp-content\/uploads\/2022\/07\/pres1b-200x256.jpg 200w, https:\/\/www.corbiac.com\/wp-content\/uploads\/2022\/07\/pres1b-235x300.jpg 235w, https:\/\/www.corbiac.com\/wp-content\/uploads\/2022\/07\/pres1b-1x1.jpg 1w, https:\/\/www.corbiac.com\/wp-content\/uploads\/2022\/07\/pres1b-8x10.jpg 8w, https:\/\/www.corbiac.com\/wp-content\/uploads\/2022\/07\/pres1b-78x100.jpg 78w\" \/>\t\t\t\t\t\t\t\t<\/a>\n\t\t\t\t\t\t\t\t\t\t\t\t\t\t\t<\/div>\n\t\t\t\t<\/div>\n\t\t\t\t\t<\/div>\n\t\t<\/div>\n\t\t\t\t<div class=\"elementor-column elementor-col-50 elementor-inner-column elementor-element elementor-element-211b4b9\" data-id=\"211b4b9\" data-element_type=\"column\" data-e-type=\"column\">\n\t\t\t<div class=\"elementor-widget-wrap elementor-element-populated\">\n\t\t\t\t\t\t<div class=\"elementor-element elementor-element-3417a17 elementor-widget elementor-widget-text-editor\" data-id=\"3417a17\" data-element_type=\"widget\" data-e-type=\"widget\" data-widget_type=\"text-editor.default\">\n\t\t\t\t<div class=\"elementor-widget-container\">\n\t\t\t\t\t\t\t\t\t<p>Questa concessione fu confermata nel 1326 negli Statuti e nelle Dogane concessi da Jeanne de Pons, signora di Bergerac, e da suo marito Archambault III, conte di P\u00e9rigord. La prima area vinicola si estendeva densamente sulle colline vicino alla citt\u00e0, a nord e a est. <\/p>\n<p>Mentre un vigneto si irradia a nord dal priorato di Saint-Martin, le strade per Brive e Sarlat fanno da cornice a un&#8217;area interamente dedicata alla vite a est. Corbiac, al centro del triangolo Saint-Martin &#8211; Creysse &#8211; Lembras, si trova nel cuore di questa zona originaria gi\u00e0 rinomata per la produzione di vino, una collina dove una localit\u00e0 era chiamata &#8220;Puycharman&#8221;, poi &#8220;Pech-Charmant&#8221; e, con la francesizzazione, P\u00e9charmant. <\/p>\n<p>Corbiac deve il suo nome all&#8217;etimo latino <em>corvus<\/em> (o occitano <em>corb<\/em>), il nome del corvo, mentre il suffisso &#8220;ac&#8221; (da <em>acum<\/em>) esprime l&#8217;idea di propriet\u00e0. Il nome \u00e8 stato probabilmente dato in riferimento alla presenza di corvi in questo sito alla periferia di Bergerac.   <\/p>\n\t\t\t\t\t\t\t\t<\/div>\n\t\t\t\t<\/div>\n\t\t\t\t\t<\/div>\n\t\t<\/div>\n\t\t\t\t\t<\/div>\n\t\t<\/section>\n\t\t\t\t<section class=\"elementor-section elementor-inner-section elementor-element elementor-element-8f75cc6 elementor-section-boxed elementor-section-height-default elementor-section-height-default\" data-id=\"8f75cc6\" data-element_type=\"section\" data-e-type=\"section\">\n\t\t\t\t\t\t<div class=\"elementor-container elementor-column-gap-default\">\n\t\t\t\t\t<div class=\"elementor-column elementor-col-100 elementor-inner-column elementor-element elementor-element-af7f666\" data-id=\"af7f666\" data-element_type=\"column\" data-e-type=\"column\">\n\t\t\t<div class=\"elementor-widget-wrap elementor-element-populated\">\n\t\t\t\t\t\t<div class=\"elementor-element elementor-element-c1a6259 elementor-widget elementor-widget-heading\" data-id=\"c1a6259\" data-element_type=\"widget\" data-e-type=\"widget\" data-widget_type=\"heading.default\">\n\t\t\t\t<div class=\"elementor-widget-container\">\n\t\t\t\t\t<h2 class=\"elementor-heading-title elementor-size-default\">Dalla Casa di Albret ai Gascq: Corbiac, le sue viti e il suo vino di ferro<\/h2>\t\t\t\t<\/div>\n\t\t\t\t<\/div>\n\t\t\t\t<div class=\"elementor-element elementor-element-f77417f elementor-widget elementor-widget-text-editor\" data-id=\"f77417f\" data-element_type=\"widget\" data-e-type=\"widget\" data-widget_type=\"text-editor.default\">\n\t\t\t\t<div class=\"elementor-widget-container\">\n\t\t\t\t\t\t\t\t\t<p>Scossi dalle turbolenze della Guerra dei Cent&#8217;anni, i vigneti di Bergerac, che nel 1495 si erano espansi verso sud insieme a Monbazillac, presero naturalmente posto tra i vigneti che esportavano verso le isole britanniche, essendo legati alla corona inglese dalla Casa di Albret.<\/p>\n<p>Allo stesso modo, nei secoli successivi, gli acquirenti olandesi trovavano a Bergerac vini di qualit\u00e0, pi\u00f9 accessibili e con un&#8217;immagine migliore rispetto ai vini di Bordeaux dell&#8217;epoca, che per privilegio reale potevano essere venduti anche prima di Natale. I vini rossi di Bergerac erano prodotti principalmente con il C\u00f4t rouge, una variet\u00e0 di C\u00f4t a peduncolo verde, nota per la sua vinosit\u00e0 e simile al Malbec. Si potevano utilizzare anche altre variet\u00e0 come Carmenet, Verdot, Picpoule, P\u00e9rigord e Navarra. Il Fer (o Fert), un vitigno particolarmente associato alla regione di Bergerac, veniva utilizzato per produrre un vino noto come &#8220;de Fer&#8221; a P\u00e9charmant. Produceva un vino molto scuro e corposo.    <\/p>\n\t\t\t\t\t\t\t\t<\/div>\n\t\t\t\t<\/div>\n\t\t\t\t\t<\/div>\n\t\t<\/div>\n\t\t\t\t\t<\/div>\n\t\t<\/section>\n\t\t\t\t<section class=\"elementor-section elementor-inner-section elementor-element elementor-element-8b9d7b1 elementor-section-boxed elementor-section-height-default elementor-section-height-default\" data-id=\"8b9d7b1\" data-element_type=\"section\" data-e-type=\"section\">\n\t\t\t\t\t\t<div class=\"elementor-container elementor-column-gap-default\">\n\t\t\t\t\t<div class=\"elementor-column elementor-col-50 elementor-inner-column elementor-element elementor-element-0cd2368\" data-id=\"0cd2368\" data-element_type=\"column\" data-e-type=\"column\">\n\t\t\t<div class=\"elementor-widget-wrap elementor-element-populated\">\n\t\t\t\t\t\t<div class=\"elementor-element elementor-element-6dac97d elementor-widget elementor-widget-image\" data-id=\"6dac97d\" data-element_type=\"widget\" data-e-type=\"widget\" data-widget_type=\"image.default\">\n\t\t\t\t<div class=\"elementor-widget-container\">\n\t\t\t\t\t\t\t\t\t\t\t\t\t\t\t\t<a href=\"https:\/\/www.corbiac.com\/wp-content\/uploads\/2022\/07\/pres1c.jpg\" data-elementor-open-lightbox=\"yes\" data-elementor-lightbox-title=\"pres1c\" data-e-action-hash=\"#elementor-action%3Aaction%3Dlightbox%26settings%3DeyJpZCI6MTA0NjAsInVybCI6Imh0dHBzOlwvXC93d3cuY29yYmlhYy5jb21cL3dwLWNvbnRlbnRcL3VwbG9hZHNcLzIwMjJcLzA3XC9wcmVzMWMuanBnIn0%3D\">\n\t\t\t\t\t\t\t<img loading=\"lazy\" decoding=\"async\" width=\"400\" height=\"306\" src=\"https:\/\/www.corbiac.com\/wp-content\/uploads\/xstore\/xstore-placeholder-1024x1024.png\" class=\"attachment-large size-large wp-image-10460 lazyload lazyload-simple et-lazyload-fadeIn\" alt=\"\" sizes=\"(max-width: 400px) 100vw, 400px\" data-src=\"https:\/\/www.corbiac.com\/wp-content\/uploads\/2022\/07\/pres1c.jpg\" data-srcset=\"https:\/\/www.corbiac.com\/wp-content\/uploads\/2022\/07\/pres1c.jpg 400w, https:\/\/www.corbiac.com\/wp-content\/uploads\/2022\/07\/pres1c-200x153.jpg 200w, https:\/\/www.corbiac.com\/wp-content\/uploads\/2022\/07\/pres1c-350x268.jpg 350w, https:\/\/www.corbiac.com\/wp-content\/uploads\/2022\/07\/pres1c-300x230.jpg 300w, https:\/\/www.corbiac.com\/wp-content\/uploads\/2022\/07\/pres1c-1x1.jpg 1w, https:\/\/www.corbiac.com\/wp-content\/uploads\/2022\/07\/pres1c-10x8.jpg 10w, https:\/\/www.corbiac.com\/wp-content\/uploads\/2022\/07\/pres1c-100x77.jpg 100w\" \/>\t\t\t\t\t\t\t\t<\/a>\n\t\t\t\t\t\t\t\t\t\t\t\t\t\t\t<\/div>\n\t\t\t\t<\/div>\n\t\t\t\t\t<\/div>\n\t\t<\/div>\n\t\t\t\t<div class=\"elementor-column elementor-col-50 elementor-inner-column elementor-element elementor-element-2fb09fb\" data-id=\"2fb09fb\" data-element_type=\"column\" data-e-type=\"column\">\n\t\t\t<div class=\"elementor-widget-wrap elementor-element-populated\">\n\t\t\t\t\t\t<div class=\"elementor-element elementor-element-a709d73 elementor-widget elementor-widget-text-editor\" data-id=\"a709d73\" data-element_type=\"widget\" data-e-type=\"widget\" data-widget_type=\"text-editor.default\">\n\t\t\t\t<div class=\"elementor-widget-container\">\n\t\t\t\t\t\t\t\t\t<p>Nel 1587, le vicissitudini di un ramo della Casa d&#8217;Albret permisero a Guillaume de Gascq, avvocato e tesoriere generale dell&#8217;ufficio finanziario della Guyenne, allora avvocato di Enrico IV presso la sede di Bazas, di acquisire alcune propriet\u00e0 dell&#8217;allora Contea di P\u00e9rigord. La famiglia de Gascq possedeva cos\u00ec gli ch\u00e2teau di Portets (a Graves), La Louvi\u00e8re (a Pessac-L\u00e9ognan), il futuro ch\u00e2teau Palmer (a Margaux) e Corbiac. <\/p>\n<p>Alla fine del XVI secolo, Corbiac, caratterizzata da una calda architettura ugonotta, fu data in dote quando i discendenti di Guillaume de Gascq sposarono Fran\u00e7ois Faure, comproprietario di Lussas e Fontroubade, gentiluomo protestante della compagnia del Re di Navarra e governatore di Bergerac, i cui eredi portarono il titolo di <em>signore di Corbiac<\/em>.<\/p>\n\t\t\t\t\t\t\t\t<\/div>\n\t\t\t\t<\/div>\n\t\t\t\t\t<\/div>\n\t\t<\/div>\n\t\t\t\t\t<\/div>\n\t\t<\/section>\n\t\t\t\t<section class=\"elementor-section elementor-inner-section elementor-element elementor-element-82bded9 elementor-section-boxed elementor-section-height-default elementor-section-height-default\" data-id=\"82bded9\" data-element_type=\"section\" data-e-type=\"section\">\n\t\t\t\t\t\t<div class=\"elementor-container elementor-column-gap-default\">\n\t\t\t\t\t<div class=\"elementor-column elementor-col-50 elementor-inner-column elementor-element elementor-element-cb7858e\" data-id=\"cb7858e\" data-element_type=\"column\" data-e-type=\"column\">\n\t\t\t<div class=\"elementor-widget-wrap elementor-element-populated\">\n\t\t\t\t\t\t<div class=\"elementor-element elementor-element-0f73b59 elementor-widget elementor-widget-image\" data-id=\"0f73b59\" data-element_type=\"widget\" data-e-type=\"widget\" data-widget_type=\"image.default\">\n\t\t\t\t<div class=\"elementor-widget-container\">\n\t\t\t\t\t\t\t\t\t\t\t\t\t\t\t\t<a href=\"https:\/\/www.corbiac.com\/wp-content\/uploads\/2022\/08\/cyranodebergerac.gif\" data-elementor-open-lightbox=\"yes\" data-elementor-lightbox-title=\"cyranodebergerac\" data-e-action-hash=\"#elementor-action%3Aaction%3Dlightbox%26settings%3DeyJpZCI6MTE2MjQsInVybCI6Imh0dHBzOlwvXC93d3cuY29yYmlhYy5jb21cL3dwLWNvbnRlbnRcL3VwbG9hZHNcLzIwMjJcLzA4XC9jeXJhbm9kZWJlcmdlcmFjLmdpZiJ9\">\n\t\t\t\t\t\t\t<img loading=\"lazy\" decoding=\"async\" width=\"300\" height=\"300\" src=\"https:\/\/www.corbiac.com\/wp-content\/uploads\/xstore\/xstore-placeholder-100x100.png\" class=\"attachment-large size-large wp-image-11624 lazyload lazyload-simple et-lazyload-fadeIn\" alt=\"\" data-src=\"https:\/\/www.corbiac.com\/wp-content\/uploads\/2022\/08\/cyranodebergerac.gif\" \/>\t\t\t\t\t\t\t\t<\/a>\n\t\t\t\t\t\t\t\t\t\t\t\t\t\t\t<\/div>\n\t\t\t\t<\/div>\n\t\t\t\t\t<\/div>\n\t\t<\/div>\n\t\t\t\t<div class=\"elementor-column elementor-col-50 elementor-inner-column elementor-element elementor-element-3122915\" data-id=\"3122915\" data-element_type=\"column\" data-e-type=\"column\">\n\t\t\t<div class=\"elementor-widget-wrap elementor-element-populated\">\n\t\t\t\t\t\t<div class=\"elementor-element elementor-element-7297289 elementor-widget elementor-widget-text-editor\" data-id=\"7297289\" data-element_type=\"widget\" data-e-type=\"widget\" data-widget_type=\"text-editor.default\">\n\t\t\t\t<div class=\"elementor-widget-container\">\n\t\t\t\t\t\t\t\t\t<p>Va inoltre ricordato che nel 1571 Fran\u00e7ois Faure de Lussas, signore di La Ribeyrie, Grateloup e Corbiac, spos\u00f2 Nolette de La Rivi\u00e8re (in dialetto locale: de La Ribeyrie), una dama di Casteignie, sorella di Savinien I de Cyrano, signore di La Rivi\u00e8re, nonno del famoso poeta, filosofo e spadaccino Savinien II de Cyrano de Bergerac, immortalato nel 1897 dalla famosa commedia eroica in versi di Edmond Rostand:<strong> Cyrano de Bergerac<\/strong>&#8230;<\/p>\n<p>Dalla fine del Medioevo, la tenuta \u00e8 stata tramandata all&#8217;ultimo proprietario sopravvissuto: solo 19 proprietari sono succeduti ai loro genitori. Nel corso di quasi cinque secoli, le famiglie <em>Faure de Lussas<\/em>, <em>Villepontoux de Jaure<\/em>, <em>Sorbier de Jaure<\/em> e <em>Durand de Corbiac<\/em> si sono succedute fino ai giorni nostri. <\/p>\n\t\t\t\t\t\t\t\t<\/div>\n\t\t\t\t<\/div>\n\t\t\t\t\t<\/div>\n\t\t<\/div>\n\t\t\t\t\t<\/div>\n\t\t<\/section>\n\t\t\t\t<section class=\"elementor-section elementor-inner-section elementor-element elementor-element-4d5aa9a elementor-section-boxed elementor-section-height-default elementor-section-height-default\" data-id=\"4d5aa9a\" data-element_type=\"section\" data-e-type=\"section\">\n\t\t\t\t\t\t<div class=\"elementor-container elementor-column-gap-default\">\n\t\t\t\t\t<div class=\"elementor-column elementor-col-50 elementor-inner-column elementor-element elementor-element-3aecbb5\" data-id=\"3aecbb5\" data-element_type=\"column\" data-e-type=\"column\">\n\t\t\t<div class=\"elementor-widget-wrap elementor-element-populated\">\n\t\t\t\t\t\t<div class=\"elementor-element elementor-element-763d604 elementor-widget elementor-widget-image\" data-id=\"763d604\" data-element_type=\"widget\" data-e-type=\"widget\" data-widget_type=\"image.default\">\n\t\t\t\t<div class=\"elementor-widget-container\">\n\t\t\t\t\t\t\t\t\t\t\t\t\t\t\t\t<a href=\"https:\/\/www.corbiac.com\/wp-content\/uploads\/2022\/07\/pres1d.jpg\" data-elementor-open-lightbox=\"yes\" data-elementor-lightbox-title=\"pres1d\" data-e-action-hash=\"#elementor-action%3Aaction%3Dlightbox%26settings%3DeyJpZCI6MTA1MDAsInVybCI6Imh0dHBzOlwvXC93d3cuY29yYmlhYy5jb21cL3dwLWNvbnRlbnRcL3VwbG9hZHNcLzIwMjJcLzA3XC9wcmVzMWQuanBnIn0%3D\">\n\t\t\t\t\t\t\t<img loading=\"lazy\" decoding=\"async\" width=\"400\" height=\"298\" src=\"https:\/\/www.corbiac.com\/wp-content\/uploads\/xstore\/xstore-placeholder-1024x1024.png\" class=\"attachment-large size-large wp-image-10500 lazyload lazyload-simple et-lazyload-fadeIn\" alt=\"\" sizes=\"(max-width: 400px) 100vw, 400px\" data-src=\"https:\/\/www.corbiac.com\/wp-content\/uploads\/2022\/07\/pres1d.jpg\" data-srcset=\"https:\/\/www.corbiac.com\/wp-content\/uploads\/2022\/07\/pres1d.jpg 400w, https:\/\/www.corbiac.com\/wp-content\/uploads\/2022\/07\/pres1d-200x149.jpg 200w, https:\/\/www.corbiac.com\/wp-content\/uploads\/2022\/07\/pres1d-350x261.jpg 350w, https:\/\/www.corbiac.com\/wp-content\/uploads\/2022\/07\/pres1d-300x224.jpg 300w, https:\/\/www.corbiac.com\/wp-content\/uploads\/2022\/07\/pres1d-1x1.jpg 1w, https:\/\/www.corbiac.com\/wp-content\/uploads\/2022\/07\/pres1d-10x7.jpg 10w, https:\/\/www.corbiac.com\/wp-content\/uploads\/2022\/07\/pres1d-100x75.jpg 100w\" \/>\t\t\t\t\t\t\t\t<\/a>\n\t\t\t\t\t\t\t\t\t\t\t\t\t\t\t<\/div>\n\t\t\t\t<\/div>\n\t\t\t\t\t<\/div>\n\t\t<\/div>\n\t\t\t\t<div class=\"elementor-column elementor-col-50 elementor-inner-column elementor-element elementor-element-3ae8a4c\" data-id=\"3ae8a4c\" data-element_type=\"column\" data-e-type=\"column\">\n\t\t\t<div class=\"elementor-widget-wrap elementor-element-populated\">\n\t\t\t\t\t\t<div class=\"elementor-element elementor-element-a808dc6 elementor-widget elementor-widget-text-editor\" data-id=\"a808dc6\" data-element_type=\"widget\" data-e-type=\"widget\" data-widget_type=\"text-editor.default\">\n\t\t\t\t<div class=\"elementor-widget-container\">\n\t\t\t\t\t\t\t\t\t<p>Alla fine del XVII secolo, la tenuta di Villepontoux-Sorbier contava 260 ettari di poderi e vigneti. La cura delle vigne in questo periodo \u00e8 testimoniata dai libri contabili tenuti da Anne de Villepontoux, che il 21 luglio 1754 scrive sul conto del viticoltore Michelou de Puycharman:<em>&#8220;jay donn\u00e9 six livres \u00e0 Michelou pour donner \u00e0 son valet<\/em>&#8220;. <\/p>\n<p>L&#8217;attenzione alla tenuta di Corbiac e ai suoi vigneti \u00e8 continuata di generazione in generazione, come nel 1864, quando Napoleone III assegn\u00f2 il Prime d&#8217;Honneur al Concours R\u00e9gional Agricole a nostro nonno Paul Durand de Corbiac per tutto il suo lavoro di modernizzazione della tenuta,<\/p>\n\t\t\t\t\t\t\t\t<\/div>\n\t\t\t\t<\/div>\n\t\t\t\t\t<\/div>\n\t\t<\/div>\n\t\t\t\t\t<\/div>\n\t\t<\/section>\n\t\t\t\t<section class=\"elementor-section elementor-inner-section elementor-element elementor-element-f8ab8bb elementor-section-boxed elementor-section-height-default elementor-section-height-default\" data-id=\"f8ab8bb\" data-element_type=\"section\" data-e-type=\"section\">\n\t\t\t\t\t\t<div class=\"elementor-container elementor-column-gap-default\">\n\t\t\t\t\t<div class=\"elementor-column elementor-col-50 elementor-inner-column elementor-element elementor-element-ecc0c49\" data-id=\"ecc0c49\" data-element_type=\"column\" data-e-type=\"column\">\n\t\t\t<div class=\"elementor-widget-wrap elementor-element-populated\">\n\t\t\t\t\t\t<div class=\"elementor-element elementor-element-17ef0c7 elementor-widget elementor-widget-image\" data-id=\"17ef0c7\" data-element_type=\"widget\" data-e-type=\"widget\" data-widget_type=\"image.default\">\n\t\t\t\t<div class=\"elementor-widget-container\">\n\t\t\t\t\t\t\t\t\t\t\t\t\t\t\t\t<a href=\"https:\/\/www.corbiac.com\/wp-content\/uploads\/2022\/08\/prime-dhonneur-1864.png\" data-elementor-open-lightbox=\"yes\" data-elementor-lightbox-title=\"prime-dhonneur-1864\" data-e-action-hash=\"#elementor-action%3Aaction%3Dlightbox%26settings%3DeyJpZCI6MTE2MDQsInVybCI6Imh0dHBzOlwvXC93d3cuY29yYmlhYy5jb21cL3dwLWNvbnRlbnRcL3VwbG9hZHNcLzIwMjJcLzA4XC9wcmltZS1kaG9ubmV1ci0xODY0LnBuZyJ9\">\n\t\t\t\t\t\t\t<img loading=\"lazy\" decoding=\"async\" width=\"578\" height=\"1024\" src=\"https:\/\/www.corbiac.com\/wp-content\/uploads\/elementor\/thumbs\/xstore-placeholder-q4mgcxklatou7exp9aefy9lr7e3r6n5mp91rhwfdv8.png\" class=\"attachment-large size-large wp-image-11604 lazyload lazyload-simple et-lazyload-fadeIn\" alt=\"\" sizes=\"(max-width: 578px) 100vw, 578px\" data-src=\"https:\/\/www.corbiac.com\/wp-content\/uploads\/2022\/08\/prime-dhonneur-1864-578x1024.png\" data-srcset=\"https:\/\/www.corbiac.com\/wp-content\/uploads\/2022\/08\/prime-dhonneur-1864-578x1024.png 578w, https:\/\/www.corbiac.com\/wp-content\/uploads\/2022\/08\/prime-dhonneur-1864-900x1596.png 900w, https:\/\/www.corbiac.com\/wp-content\/uploads\/2022\/08\/prime-dhonneur-1864-169x300.png 169w, https:\/\/www.corbiac.com\/wp-content\/uploads\/2022\/08\/prime-dhonneur-1864-768x1362.png 768w, https:\/\/www.corbiac.com\/wp-content\/uploads\/2022\/08\/prime-dhonneur-1864-866x1536.png 866w, https:\/\/www.corbiac.com\/wp-content\/uploads\/2022\/08\/prime-dhonneur-1864-1155x2048.png 1155w, https:\/\/www.corbiac.com\/wp-content\/uploads\/2022\/08\/prime-dhonneur-1864-6x10.png 6w, https:\/\/www.corbiac.com\/wp-content\/uploads\/2022\/08\/prime-dhonneur-1864-56x100.png 56w, https:\/\/www.corbiac.com\/wp-content\/uploads\/2022\/08\/prime-dhonneur-1864-400x709.png 400w, https:\/\/www.corbiac.com\/wp-content\/uploads\/2022\/08\/prime-dhonneur-1864-600x1064.png 600w, https:\/\/www.corbiac.com\/wp-content\/uploads\/2022\/08\/prime-dhonneur-1864.png 440w\" \/>\t\t\t\t\t\t\t\t<\/a>\n\t\t\t\t\t\t\t\t\t\t\t\t\t\t\t<\/div>\n\t\t\t\t<\/div>\n\t\t\t\t\t<\/div>\n\t\t<\/div>\n\t\t\t\t<div class=\"elementor-column elementor-col-50 elementor-inner-column elementor-element elementor-element-5f67863\" data-id=\"5f67863\" data-element_type=\"column\" data-e-type=\"column\">\n\t\t\t<div class=\"elementor-widget-wrap elementor-element-populated\">\n\t\t\t\t\t\t<div class=\"elementor-element elementor-element-acd2497 elementor-widget elementor-widget-text-editor\" data-id=\"acd2497\" data-element_type=\"widget\" data-e-type=\"widget\" data-widget_type=\"text-editor.default\">\n\t\t\t\t<div class=\"elementor-widget-container\">\n\t\t\t\t\t\t\t\t\t<p>o nel 1903, quando le Editions F\u00e9ret descrissero il vigneto di 40 ettari di Adrien Durand de Corbiac a P\u00e9charmant o Pech-Charmant come uno dei primi ad essere stato reimpiantato con piantine americane innestate con variet\u00e0 d&#8217;uva scelte dopo la devastazione operata dalla fillossera sui vigneti francesi alla fine del XIX secolo.<\/p>\n\t\t\t\t\t\t\t\t<\/div>\n\t\t\t\t<\/div>\n\t\t\t\t<div class=\"elementor-element elementor-element-501d414 elementor-widget elementor-widget-image\" data-id=\"501d414\" data-element_type=\"widget\" data-e-type=\"widget\" data-widget_type=\"image.default\">\n\t\t\t\t<div class=\"elementor-widget-container\">\n\t\t\t\t\t\t\t\t\t\t\t\t\t\t\t\t<a href=\"https:\/\/www.corbiac.com\/wp-content\/uploads\/2022\/07\/pres1e-1.jpg\" data-elementor-open-lightbox=\"yes\" data-elementor-lightbox-title=\"pres1e\" data-e-action-hash=\"#elementor-action%3Aaction%3Dlightbox%26settings%3DeyJpZCI6MTA0NjgsInVybCI6Imh0dHBzOlwvXC93d3cuY29yYmlhYy5jb21cL3dwLWNvbnRlbnRcL3VwbG9hZHNcLzIwMjJcLzA3XC9wcmVzMWUtMS5qcGcifQ%3D%3D\">\n\t\t\t\t\t\t\t<img loading=\"lazy\" decoding=\"async\" width=\"300\" height=\"472\" src=\"https:\/\/www.corbiac.com\/wp-content\/uploads\/elementor\/thumbs\/xstore-placeholder-q4mgcxklatoq43gue2ny8ufr4mewxgre6jy73b4e24.png\" class=\"attachment-large size-large wp-image-10468 lazyload lazyload-simple et-lazyload-fadeIn\" alt=\"\" sizes=\"(max-width: 300px) 100vw, 300px\" data-src=\"https:\/\/www.corbiac.com\/wp-content\/uploads\/2022\/07\/pres1e-1.jpg\" data-srcset=\"https:\/\/www.corbiac.com\/wp-content\/uploads\/2022\/07\/pres1e-1.jpg 300w, https:\/\/www.corbiac.com\/wp-content\/uploads\/2022\/07\/pres1e-1-200x315.jpg 200w, https:\/\/www.corbiac.com\/wp-content\/uploads\/2022\/07\/pres1e-1-191x300.jpg 191w, https:\/\/www.corbiac.com\/wp-content\/uploads\/2022\/07\/pres1e-1-1x1.jpg 1w, https:\/\/www.corbiac.com\/wp-content\/uploads\/2022\/07\/pres1e-1-6x10.jpg 6w, https:\/\/www.corbiac.com\/wp-content\/uploads\/2022\/07\/pres1e-1-64x100.jpg 64w\" \/>\t\t\t\t\t\t\t\t<\/a>\n\t\t\t\t\t\t\t\t\t\t\t\t\t\t\t<\/div>\n\t\t\t\t<\/div>\n\t\t\t\t<div class=\"elementor-element elementor-element-5008de9 elementor-widget elementor-widget-text-editor\" data-id=\"5008de9\" data-element_type=\"widget\" data-e-type=\"widget\" data-widget_type=\"text-editor.default\">\n\t\t\t\t<div class=\"elementor-widget-container\">\n\t\t\t\t\t\t\t\t\t<p>Pi\u00f9 che mai attuale, questa attenzione, segnata da una storia fuori dal comune, proietta Corbiac verso il futuro nella continuit\u00e0 e nell&#8217;espressione di un marchio singolare, che gi\u00e0 negli anni &#8217;10 affermava il suo carattere eccezionale e che nasceva dal terroir originale dei vigneti di Bergerac, per deliziare il palato degli amanti del vino e dei buongustai.<\/p>\n\t\t\t\t\t\t\t\t<\/div>\n\t\t\t\t<\/div>\n\t\t\t\t\t<\/div>\n\t\t<\/div>\n\t\t\t\t\t<\/div>\n\t\t<\/section>\n\t\t\t\t<section class=\"elementor-section elementor-inner-section elementor-element elementor-element-58a5a5d elementor-section-boxed elementor-section-height-default elementor-section-height-default\" data-id=\"58a5a5d\" data-element_type=\"section\" data-e-type=\"section\">\n\t\t\t\t\t\t<div class=\"elementor-container elementor-column-gap-default\">\n\t\t\t\t\t<div class=\"elementor-column elementor-col-100 elementor-inner-column elementor-element elementor-element-bf656bd\" data-id=\"bf656bd\" data-element_type=\"column\" data-e-type=\"column\">\n\t\t\t<div class=\"elementor-widget-wrap elementor-element-populated\">\n\t\t\t\t\t\t<div class=\"elementor-element elementor-element-d694a07 elementor-widget elementor-widget-spacer\" data-id=\"d694a07\" data-element_type=\"widget\" data-e-type=\"widget\" data-widget_type=\"spacer.default\">\n\t\t\t\t<div class=\"elementor-widget-container\">\n\t\t\t\t\t\t\t<div class=\"elementor-spacer\">\n\t\t\t<div class=\"elementor-spacer-inner\"><\/div>\n\t\t<\/div>\n\t\t\t\t\t\t<\/div>\n\t\t\t\t<\/div>\n\t\t\t\t<div class=\"elementor-element elementor-element-71bb3d1 elementor-align-center elementor-widget elementor-widget-button\" data-id=\"71bb3d1\" data-element_type=\"widget\" data-e-type=\"widget\" data-widget_type=\"button.default\">\n\t\t\t\t<div class=\"elementor-widget-container\">\n\t\t\t\t\t\t\t\t\t<div class=\"elementor-button-wrapper\">\n\t\t\t\t\t<a class=\"elementor-button elementor-button-link elementor-size-md\" href=\"https:\/\/www.corbiac.com\/corbiac\/\">\n\t\t\t\t\t\t<span class=\"elementor-button-content-wrapper\">\n\t\t\t\t\t\t<span class=\"elementor-button-icon\">\n\t\t\t\t<i aria-hidden=\"true\" class=\"et-icon et-right-arrow\"><\/i>\t\t\t<\/span>\n\t\t\t\t\t\t\t\t\t<span class=\"elementor-button-text\">Pagina successiva<\/span>\n\t\t\t\t\t<\/span>\n\t\t\t\t\t<\/a>\n\t\t\t\t<\/div>\n\t\t\t\t\t\t\t\t<\/div>\n\t\t\t\t<\/div>\n\t\t\t\t\t<\/div>\n\t\t<\/div>\n\t\t\t\t\t<\/div>\n\t\t<\/section>\n\t\t\t\t\t<\/div>\n\t\t<\/div>\n\t\t\t\t\t<\/div>\n\t\t<\/section>\n\t\t\t\t<\/div>\n\t\t","protected":false},"excerpt":{"rendered":"<p>A poche centinaia di chilometri a est di Bordeaux si trova il vigneto di P\u00e9charmant, considerato il fiore all&#8217;occhiello dei vini del P\u00e9rigord o Pomerol&#8230;<\/p>\n","protected":false},"author":1,"featured_media":0,"parent":0,"menu_order":0,"comment_status":"closed","ping_status":"closed","template":"","meta":{"footnotes":""},"class_list":["post-13436","page","type-page","status-publish","hentry"],"_links":{"self":[{"href":"https:\/\/www.corbiac.com\/it\/wp-json\/wp\/v2\/pages\/13436","targetHints":{"allow":["GET"]}}],"collection":[{"href":"https:\/\/www.corbiac.com\/it\/wp-json\/wp\/v2\/pages"}],"about":[{"href":"https:\/\/www.corbiac.com\/it\/wp-json\/wp\/v2\/types\/page"}],"author":[{"embeddable":true,"href":"https:\/\/www.corbiac.com\/it\/wp-json\/wp\/v2\/users\/1"}],"replies":[{"embeddable":true,"href":"https:\/\/www.corbiac.com\/it\/wp-json\/wp\/v2\/comments?post=13436"}],"version-history":[{"count":2,"href":"https:\/\/www.corbiac.com\/it\/wp-json\/wp\/v2\/pages\/13436\/revisions"}],"predecessor-version":[{"id":21005,"href":"https:\/\/www.corbiac.com\/it\/wp-json\/wp\/v2\/pages\/13436\/revisions\/21005"}],"wp:attachment":[{"href":"https:\/\/www.corbiac.com\/it\/wp-json\/wp\/v2\/media?parent=13436"}],"curies":[{"name":"wp","href":"https:\/\/api.w.org\/{rel}","templated":true}]}}