{"id":13437,"date":"2018-08-03T12:32:40","date_gmt":"2018-08-03T10:32:40","guid":{"rendered":"https:\/\/www.corbiac.com\/pecharmant\/"},"modified":"2026-04-17T22:25:54","modified_gmt":"2026-04-17T20:25:54","slug":"pecharmant-premier-vignoble-de-bergerac","status":"publish","type":"page","link":"https:\/\/www.corbiac.com\/es\/pecharmant-premier-vignoble-de-bergerac\/","title":{"rendered":"P\u00e9charmant"},"content":{"rendered":"\t\t<div data-elementor-type=\"wp-page\" data-elementor-id=\"13437\" class=\"elementor elementor-13437 elementor-414\">\n\t\t\t\t\t\t<section class=\"elementor-section elementor-top-section elementor-element elementor-element-8b67281 elementor-section-boxed elementor-section-height-default elementor-section-height-default\" data-id=\"8b67281\" data-element_type=\"section\" data-e-type=\"section\">\n\t\t\t\t\t\t<div class=\"elementor-container elementor-column-gap-default\">\n\t\t\t\t\t<div class=\"elementor-column elementor-col-100 elementor-top-column elementor-element elementor-element-80cb764\" data-id=\"80cb764\" data-element_type=\"column\" data-e-type=\"column\">\n\t\t\t<div class=\"elementor-widget-wrap elementor-element-populated\">\n\t\t\t\t\t\t<section class=\"elementor-section elementor-inner-section elementor-element elementor-element-7241e6c elementor-section-boxed elementor-section-height-default elementor-section-height-default\" data-id=\"7241e6c\" data-element_type=\"section\" data-e-type=\"section\">\n\t\t\t\t\t\t<div class=\"elementor-container elementor-column-gap-default\">\n\t\t\t\t\t<div class=\"elementor-column elementor-col-100 elementor-inner-column elementor-element elementor-element-360f36c\" data-id=\"360f36c\" data-element_type=\"column\" data-e-type=\"column\">\n\t\t\t<div class=\"elementor-widget-wrap elementor-element-populated\">\n\t\t\t\t\t\t<div class=\"elementor-element elementor-element-8e41ca4 elementor-widget elementor-widget-text-editor\" data-id=\"8e41ca4\" data-element_type=\"widget\" data-e-type=\"widget\" data-widget_type=\"text-editor.default\">\n\t\t\t\t<div class=\"elementor-widget-container\">\n\t\t\t\t\t\t\t\t\t<p><strong><b><i>A unos cientos de kil\u00f3metros al este de Burdeos se encuentra el vi\u00f1edo de P\u00e9charmant, considerado la joya de la corona de los vinos del P\u00e9rigord o Pomerol de Bergerac&#8230;<\/i><\/b><\/strong><\/p>\n\t\t\t\t\t\t\t\t<\/div>\n\t\t\t\t<\/div>\n\t\t\t\t<div class=\"elementor-element elementor-element-b9c4716 elementor-widget elementor-widget-image\" data-id=\"b9c4716\" data-element_type=\"widget\" data-e-type=\"widget\" data-widget_type=\"image.default\">\n\t\t\t\t<div class=\"elementor-widget-container\">\n\t\t\t\t\t\t\t\t\t\t\t\t\t\t\t<img decoding=\"async\" width=\"250\" height=\"153\" src=\"https:\/\/www.corbiac.com\/wp-content\/uploads\/elementor\/thumbs\/xstore-placeholder-q4mgcxkm2w3ckz4sxd8asgs3bmlmpt07kuky5lgqug.png\" class=\"attachment-large size-large wp-image-10453 lazyload lazyload-simple et-lazyload-fadeIn\" alt=\"\" sizes=\"(max-width: 250px) 100vw, 250px\" data-src=\"https:\/\/www.corbiac.com\/wp-content\/uploads\/2022\/07\/pres1.jpg\" data-srcset=\"https:\/\/www.corbiac.com\/wp-content\/uploads\/2022\/07\/pres1.jpg 250w, https:\/\/www.corbiac.com\/wp-content\/uploads\/2022\/07\/pres1-200x122.jpg 200w, https:\/\/www.corbiac.com\/wp-content\/uploads\/2022\/07\/pres1-1x1.jpg 1w, https:\/\/www.corbiac.com\/wp-content\/uploads\/2022\/07\/pres1-10x6.jpg 10w, https:\/\/www.corbiac.com\/wp-content\/uploads\/2022\/07\/pres1-100x61.jpg 100w\" \/>\t\t\t\t\t\t\t\t\t\t\t\t\t\t\t<\/div>\n\t\t\t\t<\/div>\n\t\t\t\t<div class=\"elementor-element elementor-element-2a48056 elementor-widget elementor-widget-heading\" data-id=\"2a48056\" data-element_type=\"widget\" data-e-type=\"widget\" data-widget_type=\"heading.default\">\n\t\t\t\t<div class=\"elementor-widget-container\">\n\t\t\t\t\t<h1 class=\"elementor-heading-title elementor-size-default\">A trav\u00e9s del tiempo, Corbiac, en el coraz\u00f3n de Puycharman...<\/h1>\t\t\t\t<\/div>\n\t\t\t\t<\/div>\n\t\t\t\t<div class=\"elementor-element elementor-element-a2c2740 elementor-widget elementor-widget-spacer\" data-id=\"a2c2740\" data-element_type=\"widget\" data-e-type=\"widget\" data-widget_type=\"spacer.default\">\n\t\t\t\t<div class=\"elementor-widget-container\">\n\t\t\t\t\t\t\t<div class=\"elementor-spacer\">\n\t\t\t<div class=\"elementor-spacer-inner\"><\/div>\n\t\t<\/div>\n\t\t\t\t\t\t<\/div>\n\t\t\t\t<\/div>\n\t\t\t\t\t<\/div>\n\t\t<\/div>\n\t\t\t\t\t<\/div>\n\t\t<\/section>\n\t\t\t\t<div class=\"elementor-element elementor-element-021257a elementor-widget elementor-widget-spacer\" data-id=\"021257a\" data-element_type=\"widget\" data-e-type=\"widget\" data-widget_type=\"spacer.default\">\n\t\t\t\t<div class=\"elementor-widget-container\">\n\t\t\t\t\t\t\t<div class=\"elementor-spacer\">\n\t\t\t<div class=\"elementor-spacer-inner\"><\/div>\n\t\t<\/div>\n\t\t\t\t\t\t<\/div>\n\t\t\t\t<\/div>\n\t\t\t\t<section class=\"elementor-section elementor-inner-section elementor-element elementor-element-5008b9d elementor-section-boxed elementor-section-height-default elementor-section-height-default\" data-id=\"5008b9d\" data-element_type=\"section\" data-e-type=\"section\">\n\t\t\t\t\t\t<div class=\"elementor-container elementor-column-gap-default\">\n\t\t\t\t\t<div class=\"elementor-column elementor-col-66 elementor-inner-column elementor-element elementor-element-4aef28e\" data-id=\"4aef28e\" data-element_type=\"column\" data-e-type=\"column\">\n\t\t\t<div class=\"elementor-widget-wrap elementor-element-populated\">\n\t\t\t\t\t\t<div class=\"elementor-element elementor-element-bf88afa elementor-widget elementor-widget-heading\" data-id=\"bf88afa\" data-element_type=\"widget\" data-e-type=\"widget\" data-widget_type=\"heading.default\">\n\t\t\t\t<div class=\"elementor-widget-container\">\n\t\t\t\t\t<h2 class=\"elementor-heading-title elementor-size-default\">Las primeras huellas de vida y actividad en la prehistoria<\/h2>\t\t\t\t<\/div>\n\t\t\t\t<\/div>\n\t\t\t\t<div class=\"elementor-element elementor-element-032f943 elementor-widget elementor-widget-text-editor\" data-id=\"032f943\" data-element_type=\"widget\" data-e-type=\"widget\" data-widget_type=\"text-editor.default\">\n\t\t\t\t<div class=\"elementor-widget-container\">\n\t\t\t\t\t\t\t\t\t<p>En el Perigordiense Superior, 20.000 a\u00f1os a.C., en la \u00e9poca de las pinturas rupestres de Lascaux, cuando el Homo Sapiens Sapiens, tras descubrir la aguja ocular de hueso, ya no se \u00abcubr\u00eda\u00bb con pieles de animales sino que se vest\u00eda con ropas \u00abcosidas\u00bb, el yacimiento de Corbiac ya estaba habitado. Las excavaciones arqueol\u00f3gicas realizadas por la Universidad de Burdeos en los a\u00f1os sesenta, bajo el c\u00e9sped del castillo, desenterraron talleres de talla de s\u00edlex y cinceles diedros especiales, conocidos como \u00abcinceles de Corbiac\u00bb, hoy expuestos en el Museo Nacional de Prehistoria de Les Eyzies. <\/p>\n<p>A la vista del vado sobre el arroyo \u00abCaudeau\u00bb y en la ladera de una colina desde la que la vista desde el mont\u00edculo se extiende unos treinta kil\u00f3metros alrededor del valle del Dordo\u00f1a, Corbiac, aunque cerca de yacimientos de s\u00edlex y fuentes termales, forma una esclusa en el valle que viene del norte antes de poder cruzar el Dordo\u00f1a en el vado de Bergerac.<\/p>\n\t\t\t\t\t\t\t\t<\/div>\n\t\t\t\t<\/div>\n\t\t\t\t\t<\/div>\n\t\t<\/div>\n\t\t\t\t<div class=\"elementor-column elementor-col-33 elementor-inner-column elementor-element elementor-element-148c3eb\" data-id=\"148c3eb\" data-element_type=\"column\" data-e-type=\"column\">\n\t\t\t<div class=\"elementor-widget-wrap elementor-element-populated\">\n\t\t\t\t\t\t<div class=\"elementor-element elementor-element-997e5f1 elementor-widget elementor-widget-image\" data-id=\"997e5f1\" data-element_type=\"widget\" data-e-type=\"widget\" data-widget_type=\"image.default\">\n\t\t\t\t<div class=\"elementor-widget-container\">\n\t\t\t\t\t\t\t\t\t\t\t\t\t\t\t<img fetchpriority=\"high\" decoding=\"async\" width=\"230\" height=\"317\" src=\"https:\/\/www.corbiac.com\/wp-content\/uploads\/xstore\/xstore-placeholder-1024x1024.png\" class=\"attachment-large size-large wp-image-11621 lazyload lazyload-simple et-lazyload-fadeIn\" alt=\"bordeaux\" sizes=\"(max-width: 230px) 100vw, 230px\" data-src=\"https:\/\/www.corbiac.com\/wp-content\/uploads\/2022\/08\/pres1a.jpg\" data-srcset=\"https:\/\/www.corbiac.com\/wp-content\/uploads\/2022\/08\/pres1a.jpg 230w, https:\/\/www.corbiac.com\/wp-content\/uploads\/2022\/08\/pres1a-200x276.jpg 200w, https:\/\/www.corbiac.com\/wp-content\/uploads\/2022\/08\/pres1a-218x300.jpg 218w, https:\/\/www.corbiac.com\/wp-content\/uploads\/2022\/08\/pres1a-7x10.jpg 7w, https:\/\/www.corbiac.com\/wp-content\/uploads\/2022\/08\/pres1a-73x100.jpg 73w\" \/>\t\t\t\t\t\t\t\t\t\t\t\t\t\t\t<\/div>\n\t\t\t\t<\/div>\n\t\t\t\t\t<\/div>\n\t\t<\/div>\n\t\t\t\t\t<\/div>\n\t\t<\/section>\n\t\t\t\t<section class=\"elementor-section elementor-inner-section elementor-element elementor-element-056ea46 elementor-section-boxed elementor-section-height-default elementor-section-height-default\" data-id=\"056ea46\" data-element_type=\"section\" data-e-type=\"section\">\n\t\t\t\t\t\t<div class=\"elementor-container elementor-column-gap-default\">\n\t\t\t\t\t<div class=\"elementor-column elementor-col-100 elementor-inner-column elementor-element elementor-element-81b6868\" data-id=\"81b6868\" data-element_type=\"column\" data-e-type=\"column\">\n\t\t\t<div class=\"elementor-widget-wrap elementor-element-populated\">\n\t\t\t\t\t\t<div class=\"elementor-element elementor-element-2a8d69b elementor-widget elementor-widget-heading\" data-id=\"2a8d69b\" data-element_type=\"widget\" data-e-type=\"widget\" data-widget_type=\"heading.default\">\n\t\t\t\t<div class=\"elementor-widget-container\">\n\t\t\t\t\t<h2 class=\"elementor-heading-title elementor-size-default\">Los vi\u00f1edos del Castrum de Bergerac y el priorato de Saint-Martin<\/h2>\t\t\t\t<\/div>\n\t\t\t\t<\/div>\n\t\t\t\t<div class=\"elementor-element elementor-element-9de21de elementor-widget elementor-widget-text-editor\" data-id=\"9de21de\" data-element_type=\"widget\" data-e-type=\"widget\" data-widget_type=\"text-editor.default\">\n\t\t\t\t<div class=\"elementor-widget-container\">\n\t\t\t\t\t\t\t\t\t<p>Nacida en la turbulenta Edad Media, Bergerac debe sus or\u00edgenes feudales a la administraci\u00f3n de la regi\u00f3n de 778 a 838 por Wilbaldo, primer conde de P\u00e9rigord, nombrado por Carlomagno. Los vi\u00f1edos, por su parte, aparecieron en el siglo XI bajo dos impulsos: se\u00f1orial, dependiente del Castrum confiado por el conde de P\u00e9rigord a la custodia de prebostes o gobernadores, que vigilaban el vado de Bergerac, y eclesi\u00e1stico, en relaci\u00f3n con el priorato de Saint-Martin, fundado en 1080 por el abad de Saint-Florent de Saumur. Este doble vi\u00f1edo se desarroll\u00f3 despu\u00e9s hacia el norte de la ciudad, formando el primer n\u00facleo del vi\u00f1edo de Bergerac.  <\/p>\n<p>En el siglo XIV, este antiguo vi\u00f1edo privilegiado se delimit\u00f3 de forma precisa y espec\u00edfica con la palabra \u00abvin\u00e9e\u00bb, traducci\u00f3n del derecho concedido en 1322 por Renaud de Pons, se\u00f1or de Bergerac, a los c\u00f3nsules y habitantes de la ciudad para fijar una marca especial en los barriles de vino que sal\u00edan de su territorio: por un lado, una pata de grifo, por otro, una torre.<\/p>\n\t\t\t\t\t\t\t\t<\/div>\n\t\t\t\t<\/div>\n\t\t\t\t\t<\/div>\n\t\t<\/div>\n\t\t\t\t\t<\/div>\n\t\t<\/section>\n\t\t\t\t<section class=\"elementor-section elementor-inner-section elementor-element elementor-element-cfaa116 elementor-section-boxed elementor-section-height-default elementor-section-height-default\" data-id=\"cfaa116\" data-element_type=\"section\" data-e-type=\"section\">\n\t\t\t\t\t\t<div class=\"elementor-container elementor-column-gap-default\">\n\t\t\t\t\t<div class=\"elementor-column elementor-col-50 elementor-inner-column elementor-element elementor-element-7eda88a\" data-id=\"7eda88a\" data-element_type=\"column\" data-e-type=\"column\">\n\t\t\t<div class=\"elementor-widget-wrap elementor-element-populated\">\n\t\t\t\t\t\t<div class=\"elementor-element elementor-element-fd1d398 elementor-widget elementor-widget-image\" data-id=\"fd1d398\" data-element_type=\"widget\" data-e-type=\"widget\" data-widget_type=\"image.default\">\n\t\t\t\t<div class=\"elementor-widget-container\">\n\t\t\t\t\t\t\t\t\t\t\t\t\t\t\t\t<a href=\"https:\/\/www.corbiac.com\/wp-content\/uploads\/2022\/07\/pres1b.jpg\" data-elementor-open-lightbox=\"no\">\n\t\t\t\t\t\t\t<img decoding=\"async\" width=\"313\" height=\"400\" src=\"https:\/\/www.corbiac.com\/wp-content\/uploads\/xstore\/xstore-placeholder-1024x1024.png\" class=\"attachment-large size-large wp-image-10457 lazyload lazyload-simple et-lazyload-fadeIn\" alt=\"\" sizes=\"(max-width: 313px) 100vw, 313px\" data-src=\"https:\/\/www.corbiac.com\/wp-content\/uploads\/2022\/07\/pres1b.jpg\" data-srcset=\"https:\/\/www.corbiac.com\/wp-content\/uploads\/2022\/07\/pres1b.jpg 313w, https:\/\/www.corbiac.com\/wp-content\/uploads\/2022\/07\/pres1b-200x256.jpg 200w, https:\/\/www.corbiac.com\/wp-content\/uploads\/2022\/07\/pres1b-235x300.jpg 235w, https:\/\/www.corbiac.com\/wp-content\/uploads\/2022\/07\/pres1b-1x1.jpg 1w, https:\/\/www.corbiac.com\/wp-content\/uploads\/2022\/07\/pres1b-8x10.jpg 8w, https:\/\/www.corbiac.com\/wp-content\/uploads\/2022\/07\/pres1b-78x100.jpg 78w\" \/>\t\t\t\t\t\t\t\t<\/a>\n\t\t\t\t\t\t\t\t\t\t\t\t\t\t\t<\/div>\n\t\t\t\t<\/div>\n\t\t\t\t\t<\/div>\n\t\t<\/div>\n\t\t\t\t<div class=\"elementor-column elementor-col-50 elementor-inner-column elementor-element elementor-element-211b4b9\" data-id=\"211b4b9\" data-element_type=\"column\" data-e-type=\"column\">\n\t\t\t<div class=\"elementor-widget-wrap elementor-element-populated\">\n\t\t\t\t\t\t<div class=\"elementor-element elementor-element-3417a17 elementor-widget elementor-widget-text-editor\" data-id=\"3417a17\" data-element_type=\"widget\" data-e-type=\"widget\" data-widget_type=\"text-editor.default\">\n\t\t\t\t<div class=\"elementor-widget-container\">\n\t\t\t\t\t\t\t\t\t<p>Esta concesi\u00f3n fue confirmada en 1326 en los Estatutos y Costumbres otorgados por Juana de Pons, se\u00f1ora de Bergerac, y su esposo Archambault III, conde de P\u00e9rigord. La primera zona vit\u00edcola se extendi\u00f3 densamente por las laderas cercanas a la ciudad, al norte y al este. <\/p>\n<p>Mientras un vi\u00f1edo irradia hacia el norte desde el priorato de Saint-Martin, las carreteras de Brive y Sarlat enmarcan hacia el este una zona totalmente dedicada a la vid. Corbiac, en el centro del tri\u00e1ngulo Saint-Martin &#8211; Creysse &#8211; Lembras, se encuentra en el coraz\u00f3n de esta zona original ya famosa por su producci\u00f3n vin\u00edcola, una ladera donde una localidad se llamaba \u00abPuycharman\u00bb, luego \u00abPech-Charmant\u00bb y, por afrancesamiento, P\u00e9charmant. <\/p>\n<p>Corbiac debe su nombre al lat\u00edn etimol\u00f3gico <em>corvus<\/em> (o <em>corb<\/em> occitano), nombre del cuervo, mientras que el sufijo \u00abac\u00bb (de <em>acum<\/em>) expresa la idea de propiedad. El nombre se dio probablemente en referencia a la presencia de cuervos en este lugar de las afueras de Bergerac.   <\/p>\n\t\t\t\t\t\t\t\t<\/div>\n\t\t\t\t<\/div>\n\t\t\t\t\t<\/div>\n\t\t<\/div>\n\t\t\t\t\t<\/div>\n\t\t<\/section>\n\t\t\t\t<section class=\"elementor-section elementor-inner-section elementor-element elementor-element-8f75cc6 elementor-section-boxed elementor-section-height-default elementor-section-height-default\" data-id=\"8f75cc6\" data-element_type=\"section\" data-e-type=\"section\">\n\t\t\t\t\t\t<div class=\"elementor-container elementor-column-gap-default\">\n\t\t\t\t\t<div class=\"elementor-column elementor-col-100 elementor-inner-column elementor-element elementor-element-af7f666\" data-id=\"af7f666\" data-element_type=\"column\" data-e-type=\"column\">\n\t\t\t<div class=\"elementor-widget-wrap elementor-element-populated\">\n\t\t\t\t\t\t<div class=\"elementor-element elementor-element-c1a6259 elementor-widget elementor-widget-heading\" data-id=\"c1a6259\" data-element_type=\"widget\" data-e-type=\"widget\" data-widget_type=\"heading.default\">\n\t\t\t\t<div class=\"elementor-widget-container\">\n\t\t\t\t\t<h2 class=\"elementor-heading-title elementor-size-default\">De la Casa de Albret a los Gascq: Corbiac, sus vi\u00f1as y el vino de Hierro<\/h2>\t\t\t\t<\/div>\n\t\t\t\t<\/div>\n\t\t\t\t<div class=\"elementor-element elementor-element-f77417f elementor-widget elementor-widget-text-editor\" data-id=\"f77417f\" data-element_type=\"widget\" data-e-type=\"widget\" data-widget_type=\"text-editor.default\">\n\t\t\t\t<div class=\"elementor-widget-container\">\n\t\t\t\t\t\t\t\t\t<p>Sacudidos por las turbulencias de la Guerra de los Cien A\u00f1os, los vi\u00f1edos de Bergerac, que en 1495 se hab\u00edan expandido hacia el sur con Monbazillac, ocuparon naturalmente su lugar entre los vi\u00f1edos exportadores a las Islas Brit\u00e1nicas, ya que estaban vinculados a la corona inglesa por la Casa de Albret.<\/p>\n<p>Del mismo modo, en los siglos siguientes, los compradores holandeses encontrar\u00edan en Bergerac vinos de calidad m\u00e1s asequibles y con mejor imagen que los vinos bordeleses de la \u00e9poca, a los que tambi\u00e9n se permit\u00eda, por privilegio real, vender antes de Navidad. Los vinos tintos de Bergerac se elaboraban principalmente con C\u00f4t rouge, una variedad de C\u00f4t de tallo verde, conocida por su vinosidad y similar al Malbec. Tambi\u00e9n pod\u00edan utilizarse otras variedades como Carmenet, Verdot, Picpoule, P\u00e9rigord y Navarre. La Fer (o Fert), una vid especialmente asociada a la regi\u00f3n de Bergerac, se utilizaba para producir un vino conocido como \u00abde Fer\u00bb en P\u00e9charmant. Produc\u00eda un vino muy oscuro y con mucho cuerpo.    <\/p>\n\t\t\t\t\t\t\t\t<\/div>\n\t\t\t\t<\/div>\n\t\t\t\t\t<\/div>\n\t\t<\/div>\n\t\t\t\t\t<\/div>\n\t\t<\/section>\n\t\t\t\t<section class=\"elementor-section elementor-inner-section elementor-element elementor-element-8b9d7b1 elementor-section-boxed elementor-section-height-default elementor-section-height-default\" data-id=\"8b9d7b1\" data-element_type=\"section\" data-e-type=\"section\">\n\t\t\t\t\t\t<div class=\"elementor-container elementor-column-gap-default\">\n\t\t\t\t\t<div class=\"elementor-column elementor-col-50 elementor-inner-column elementor-element elementor-element-0cd2368\" data-id=\"0cd2368\" data-element_type=\"column\" data-e-type=\"column\">\n\t\t\t<div class=\"elementor-widget-wrap elementor-element-populated\">\n\t\t\t\t\t\t<div class=\"elementor-element elementor-element-6dac97d elementor-widget elementor-widget-image\" data-id=\"6dac97d\" data-element_type=\"widget\" data-e-type=\"widget\" data-widget_type=\"image.default\">\n\t\t\t\t<div class=\"elementor-widget-container\">\n\t\t\t\t\t\t\t\t\t\t\t\t\t\t\t\t<a href=\"https:\/\/www.corbiac.com\/wp-content\/uploads\/2022\/07\/pres1c.jpg\" data-elementor-open-lightbox=\"yes\" data-elementor-lightbox-title=\"pres1c\" data-e-action-hash=\"#elementor-action%3Aaction%3Dlightbox%26settings%3DeyJpZCI6MTA0NjEsInVybCI6Imh0dHBzOlwvXC93d3cuY29yYmlhYy5jb21cL3dwLWNvbnRlbnRcL3VwbG9hZHNcLzIwMjJcLzA3XC9wcmVzMWMuanBnIn0%3D\">\n\t\t\t\t\t\t\t<img loading=\"lazy\" decoding=\"async\" width=\"400\" height=\"306\" src=\"https:\/\/www.corbiac.com\/wp-content\/uploads\/xstore\/xstore-placeholder-1024x1024.png\" class=\"attachment-large size-large wp-image-10461 lazyload lazyload-simple et-lazyload-fadeIn\" alt=\"\" sizes=\"(max-width: 400px) 100vw, 400px\" data-src=\"https:\/\/www.corbiac.com\/wp-content\/uploads\/2022\/07\/pres1c.jpg\" data-srcset=\"https:\/\/www.corbiac.com\/wp-content\/uploads\/2022\/07\/pres1c.jpg 400w, https:\/\/www.corbiac.com\/wp-content\/uploads\/2022\/07\/pres1c-200x153.jpg 200w, https:\/\/www.corbiac.com\/wp-content\/uploads\/2022\/07\/pres1c-350x268.jpg 350w, https:\/\/www.corbiac.com\/wp-content\/uploads\/2022\/07\/pres1c-300x230.jpg 300w, https:\/\/www.corbiac.com\/wp-content\/uploads\/2022\/07\/pres1c-1x1.jpg 1w, https:\/\/www.corbiac.com\/wp-content\/uploads\/2022\/07\/pres1c-10x8.jpg 10w, https:\/\/www.corbiac.com\/wp-content\/uploads\/2022\/07\/pres1c-100x77.jpg 100w\" \/>\t\t\t\t\t\t\t\t<\/a>\n\t\t\t\t\t\t\t\t\t\t\t\t\t\t\t<\/div>\n\t\t\t\t<\/div>\n\t\t\t\t\t<\/div>\n\t\t<\/div>\n\t\t\t\t<div class=\"elementor-column elementor-col-50 elementor-inner-column elementor-element elementor-element-2fb09fb\" data-id=\"2fb09fb\" data-element_type=\"column\" data-e-type=\"column\">\n\t\t\t<div class=\"elementor-widget-wrap elementor-element-populated\">\n\t\t\t\t\t\t<div class=\"elementor-element elementor-element-a709d73 elementor-widget elementor-widget-text-editor\" data-id=\"a709d73\" data-element_type=\"widget\" data-e-type=\"widget\" data-widget_type=\"text-editor.default\">\n\t\t\t\t<div class=\"elementor-widget-container\">\n\t\t\t\t\t\t\t\t\t<p>En 1587, las vicisitudes de una rama de la Casa de Albret permitieron a Guillaume de Gascq, Esquire y Tesorero General de la Hacienda de Guyenne, entonces abogado de Enrique IV en la sede de Bazas, adquirir ciertas propiedades del entonces Condado de P\u00e9rigord. La familia de Gascq pose\u00eda as\u00ed los castillos de Portets (en Graves), La Louvi\u00e8re (en Pessac-L\u00e9ognan), el futuro castillo Palmer (en Margaux) y Corbiac. <\/p>\n<p>A finales del siglo XVI, <em>Corbiac<\/em>, que se caracteriza por su c\u00e1lida arquitectura hugonote, recibi\u00f3 como dote el matrimonio de los descendientes de Guillaume de Gascq con Fran\u00e7ois Faure, co-se\u00f1or de Lussas y Fontroubade, caballero protestante de la compa\u00f1\u00eda del rey de Navarra y gobernador de Bergerac, cuyos herederos llevaban el t\u00edtulo de <em>se\u00f1or de Corbiac<\/em>.<\/p>\n\t\t\t\t\t\t\t\t<\/div>\n\t\t\t\t<\/div>\n\t\t\t\t\t<\/div>\n\t\t<\/div>\n\t\t\t\t\t<\/div>\n\t\t<\/section>\n\t\t\t\t<section class=\"elementor-section elementor-inner-section elementor-element elementor-element-82bded9 elementor-section-boxed elementor-section-height-default elementor-section-height-default\" data-id=\"82bded9\" data-element_type=\"section\" data-e-type=\"section\">\n\t\t\t\t\t\t<div class=\"elementor-container elementor-column-gap-default\">\n\t\t\t\t\t<div class=\"elementor-column elementor-col-50 elementor-inner-column elementor-element elementor-element-cb7858e\" data-id=\"cb7858e\" data-element_type=\"column\" data-e-type=\"column\">\n\t\t\t<div class=\"elementor-widget-wrap elementor-element-populated\">\n\t\t\t\t\t\t<div class=\"elementor-element elementor-element-0f73b59 elementor-widget elementor-widget-image\" data-id=\"0f73b59\" data-element_type=\"widget\" data-e-type=\"widget\" data-widget_type=\"image.default\">\n\t\t\t\t<div class=\"elementor-widget-container\">\n\t\t\t\t\t\t\t\t\t\t\t\t\t\t\t\t<a href=\"https:\/\/www.corbiac.com\/wp-content\/uploads\/2022\/08\/cyranodebergerac.gif\" data-elementor-open-lightbox=\"yes\" data-elementor-lightbox-title=\"cyranodebergerac\" data-e-action-hash=\"#elementor-action%3Aaction%3Dlightbox%26settings%3DeyJpZCI6MTE2MjUsInVybCI6Imh0dHBzOlwvXC93d3cuY29yYmlhYy5jb21cL3dwLWNvbnRlbnRcL3VwbG9hZHNcLzIwMjJcLzA4XC9jeXJhbm9kZWJlcmdlcmFjLmdpZiJ9\">\n\t\t\t\t\t\t\t<img loading=\"lazy\" decoding=\"async\" width=\"300\" height=\"300\" src=\"https:\/\/www.corbiac.com\/wp-content\/uploads\/xstore\/xstore-placeholder-100x100.png\" class=\"attachment-large size-large wp-image-11625 lazyload lazyload-simple et-lazyload-fadeIn\" alt=\"\" data-src=\"https:\/\/www.corbiac.com\/wp-content\/uploads\/2022\/08\/cyranodebergerac.gif\" \/>\t\t\t\t\t\t\t\t<\/a>\n\t\t\t\t\t\t\t\t\t\t\t\t\t\t\t<\/div>\n\t\t\t\t<\/div>\n\t\t\t\t\t<\/div>\n\t\t<\/div>\n\t\t\t\t<div class=\"elementor-column elementor-col-50 elementor-inner-column elementor-element elementor-element-3122915\" data-id=\"3122915\" data-element_type=\"column\" data-e-type=\"column\">\n\t\t\t<div class=\"elementor-widget-wrap elementor-element-populated\">\n\t\t\t\t\t\t<div class=\"elementor-element elementor-element-7297289 elementor-widget elementor-widget-text-editor\" data-id=\"7297289\" data-element_type=\"widget\" data-e-type=\"widget\" data-widget_type=\"text-editor.default\">\n\t\t\t\t<div class=\"elementor-widget-container\">\n\t\t\t\t\t\t\t\t\t<p>Tambi\u00e9n hay que se\u00f1alar que, en 1571, Fran\u00e7ois Faure de Lussas, se\u00f1or de La Ribeyrie, Grateloup y Corbiac, se cas\u00f3 con Nolette de La Rivi\u00e8re (en dialecto local: de La Ribeyrie), una dama de Casteignie, hermana de Savinien I de Cyrano, se\u00f1or de La Rivi\u00e8re, abuelo del famoso poeta, fil\u00f3sofo y espadach\u00edn Savinien II de Cyrano de Bergerac, inmortalizado en 1897 por la famosa comedia heroica en verso de Edmond Rostand:<strong> Cyrano de Bergerac<\/strong>&#8230;<\/p>\n<p>Desde finales de la Edad Media, la finca se ha transmitido al \u00faltimo propietario superviviente, y s\u00f3lo 19 propietarios han sucedido a sus padres. A lo largo de casi cinco siglos, las familias <em>Faure de Lussas<\/em>, <em>Villepontoux de Jaure<\/em>, <em>Sorbier de Jaure<\/em> y <em>Durand de Corbiac<\/em> se han sucedido hasta nuestros d\u00edas. <\/p>\n\t\t\t\t\t\t\t\t<\/div>\n\t\t\t\t<\/div>\n\t\t\t\t\t<\/div>\n\t\t<\/div>\n\t\t\t\t\t<\/div>\n\t\t<\/section>\n\t\t\t\t<section class=\"elementor-section elementor-inner-section elementor-element elementor-element-4d5aa9a elementor-section-boxed elementor-section-height-default elementor-section-height-default\" data-id=\"4d5aa9a\" data-element_type=\"section\" data-e-type=\"section\">\n\t\t\t\t\t\t<div class=\"elementor-container elementor-column-gap-default\">\n\t\t\t\t\t<div class=\"elementor-column elementor-col-50 elementor-inner-column elementor-element elementor-element-3aecbb5\" data-id=\"3aecbb5\" data-element_type=\"column\" data-e-type=\"column\">\n\t\t\t<div class=\"elementor-widget-wrap elementor-element-populated\">\n\t\t\t\t\t\t<div class=\"elementor-element elementor-element-763d604 elementor-widget elementor-widget-image\" data-id=\"763d604\" data-element_type=\"widget\" data-e-type=\"widget\" data-widget_type=\"image.default\">\n\t\t\t\t<div class=\"elementor-widget-container\">\n\t\t\t\t\t\t\t\t\t\t\t\t\t\t\t\t<a href=\"https:\/\/www.corbiac.com\/wp-content\/uploads\/2022\/07\/pres1d.jpg\" data-elementor-open-lightbox=\"yes\" data-elementor-lightbox-title=\"pres1d\" data-e-action-hash=\"#elementor-action%3Aaction%3Dlightbox%26settings%3DeyJpZCI6MTA1MDEsInVybCI6Imh0dHBzOlwvXC93d3cuY29yYmlhYy5jb21cL3dwLWNvbnRlbnRcL3VwbG9hZHNcLzIwMjJcLzA3XC9wcmVzMWQuanBnIn0%3D\">\n\t\t\t\t\t\t\t<img loading=\"lazy\" decoding=\"async\" width=\"400\" height=\"298\" src=\"https:\/\/www.corbiac.com\/wp-content\/uploads\/xstore\/xstore-placeholder-1024x1024.png\" class=\"attachment-large size-large wp-image-10501 lazyload lazyload-simple et-lazyload-fadeIn\" alt=\"\" sizes=\"(max-width: 400px) 100vw, 400px\" data-src=\"https:\/\/www.corbiac.com\/wp-content\/uploads\/2022\/07\/pres1d.jpg\" data-srcset=\"https:\/\/www.corbiac.com\/wp-content\/uploads\/2022\/07\/pres1d.jpg 400w, https:\/\/www.corbiac.com\/wp-content\/uploads\/2022\/07\/pres1d-200x149.jpg 200w, https:\/\/www.corbiac.com\/wp-content\/uploads\/2022\/07\/pres1d-350x261.jpg 350w, https:\/\/www.corbiac.com\/wp-content\/uploads\/2022\/07\/pres1d-300x224.jpg 300w, https:\/\/www.corbiac.com\/wp-content\/uploads\/2022\/07\/pres1d-1x1.jpg 1w, https:\/\/www.corbiac.com\/wp-content\/uploads\/2022\/07\/pres1d-10x7.jpg 10w, https:\/\/www.corbiac.com\/wp-content\/uploads\/2022\/07\/pres1d-100x75.jpg 100w\" \/>\t\t\t\t\t\t\t\t<\/a>\n\t\t\t\t\t\t\t\t\t\t\t\t\t\t\t<\/div>\n\t\t\t\t<\/div>\n\t\t\t\t\t<\/div>\n\t\t<\/div>\n\t\t\t\t<div class=\"elementor-column elementor-col-50 elementor-inner-column elementor-element elementor-element-3ae8a4c\" data-id=\"3ae8a4c\" data-element_type=\"column\" data-e-type=\"column\">\n\t\t\t<div class=\"elementor-widget-wrap elementor-element-populated\">\n\t\t\t\t\t\t<div class=\"elementor-element elementor-element-a808dc6 elementor-widget elementor-widget-text-editor\" data-id=\"a808dc6\" data-element_type=\"widget\" data-e-type=\"widget\" data-widget_type=\"text-editor.default\">\n\t\t\t\t<div class=\"elementor-widget-container\">\n\t\t\t\t\t\t\t\t\t<p>A finales del siglo XVII, el dominio de Villepontoux-Sorbier sumaba 260 hect\u00e1reas de granjas arrendatarias y vi\u00f1edos. El cuidado de las vi\u00f1as en esta \u00e9poca queda atestiguado por los libros de cuentas llevados por Anne de Villepontoux, por ejemplo, que el 21 de julio de 1754 escribi\u00f3 en la cuenta del viticultor Michelou de Puycharman:<em>\u00abjay donn\u00e9 six livres \u00e0 Michelou pour donner \u00e0 son valet<\/em>\u00ab. <\/p>\n<p>La atenci\u00f3n prestada a la finca Corbiac y a sus vi\u00f1edos ha continuado de generaci\u00f3n en generaci\u00f3n, como en 1864, cuando Napole\u00f3n III concedi\u00f3 el Primer Premio de Honor en el Concurso Regional Agr\u00edcola a nuestro abuelo Paul Durand de Corbiac por todo su trabajo para modernizar la finca,<\/p>\n\t\t\t\t\t\t\t\t<\/div>\n\t\t\t\t<\/div>\n\t\t\t\t\t<\/div>\n\t\t<\/div>\n\t\t\t\t\t<\/div>\n\t\t<\/section>\n\t\t\t\t<section class=\"elementor-section elementor-inner-section elementor-element elementor-element-f8ab8bb elementor-section-boxed elementor-section-height-default elementor-section-height-default\" data-id=\"f8ab8bb\" data-element_type=\"section\" data-e-type=\"section\">\n\t\t\t\t\t\t<div class=\"elementor-container elementor-column-gap-default\">\n\t\t\t\t\t<div class=\"elementor-column elementor-col-50 elementor-inner-column elementor-element elementor-element-ecc0c49\" data-id=\"ecc0c49\" data-element_type=\"column\" data-e-type=\"column\">\n\t\t\t<div class=\"elementor-widget-wrap elementor-element-populated\">\n\t\t\t\t\t\t<div class=\"elementor-element elementor-element-17ef0c7 elementor-widget elementor-widget-image\" data-id=\"17ef0c7\" data-element_type=\"widget\" data-e-type=\"widget\" data-widget_type=\"image.default\">\n\t\t\t\t<div class=\"elementor-widget-container\">\n\t\t\t\t\t\t\t\t\t\t\t\t\t\t\t\t<a href=\"https:\/\/www.corbiac.com\/wp-content\/uploads\/2022\/08\/prime-dhonneur-1864.png\" data-elementor-open-lightbox=\"yes\" data-elementor-lightbox-title=\"prime-dhonneur-1864\" data-e-action-hash=\"#elementor-action%3Aaction%3Dlightbox%26settings%3DeyJpZCI6MTE2MDUsInVybCI6Imh0dHBzOlwvXC93d3cuY29yYmlhYy5jb21cL3dwLWNvbnRlbnRcL3VwbG9hZHNcLzIwMjJcLzA4XC9wcmltZS1kaG9ubmV1ci0xODY0LnBuZyJ9\">\n\t\t\t\t\t\t\t<img loading=\"lazy\" decoding=\"async\" width=\"578\" height=\"1024\" src=\"https:\/\/www.corbiac.com\/wp-content\/uploads\/elementor\/thumbs\/xstore-placeholder-q4mgcxklatou7exp9aefy9lr7e3r6n5mp91rhwfdv8.png\" class=\"attachment-large size-large wp-image-11605 lazyload lazyload-simple et-lazyload-fadeIn\" alt=\"\" sizes=\"(max-width: 578px) 100vw, 578px\" data-src=\"https:\/\/www.corbiac.com\/wp-content\/uploads\/2022\/08\/prime-dhonneur-1864-578x1024.png\" data-srcset=\"https:\/\/www.corbiac.com\/wp-content\/uploads\/2022\/08\/prime-dhonneur-1864-578x1024.png 578w, https:\/\/www.corbiac.com\/wp-content\/uploads\/2022\/08\/prime-dhonneur-1864-900x1596.png 900w, https:\/\/www.corbiac.com\/wp-content\/uploads\/2022\/08\/prime-dhonneur-1864-169x300.png 169w, https:\/\/www.corbiac.com\/wp-content\/uploads\/2022\/08\/prime-dhonneur-1864-768x1362.png 768w, https:\/\/www.corbiac.com\/wp-content\/uploads\/2022\/08\/prime-dhonneur-1864-866x1536.png 866w, https:\/\/www.corbiac.com\/wp-content\/uploads\/2022\/08\/prime-dhonneur-1864-1155x2048.png 1155w, https:\/\/www.corbiac.com\/wp-content\/uploads\/2022\/08\/prime-dhonneur-1864-6x10.png 6w, https:\/\/www.corbiac.com\/wp-content\/uploads\/2022\/08\/prime-dhonneur-1864-56x100.png 56w, https:\/\/www.corbiac.com\/wp-content\/uploads\/2022\/08\/prime-dhonneur-1864-400x709.png 400w, https:\/\/www.corbiac.com\/wp-content\/uploads\/2022\/08\/prime-dhonneur-1864-600x1064.png 600w, https:\/\/www.corbiac.com\/wp-content\/uploads\/2022\/08\/prime-dhonneur-1864.png 440w\" \/>\t\t\t\t\t\t\t\t<\/a>\n\t\t\t\t\t\t\t\t\t\t\t\t\t\t\t<\/div>\n\t\t\t\t<\/div>\n\t\t\t\t\t<\/div>\n\t\t<\/div>\n\t\t\t\t<div class=\"elementor-column elementor-col-50 elementor-inner-column elementor-element elementor-element-5f67863\" data-id=\"5f67863\" data-element_type=\"column\" data-e-type=\"column\">\n\t\t\t<div class=\"elementor-widget-wrap elementor-element-populated\">\n\t\t\t\t\t\t<div class=\"elementor-element elementor-element-acd2497 elementor-widget elementor-widget-text-editor\" data-id=\"acd2497\" data-element_type=\"widget\" data-e-type=\"widget\" data-widget_type=\"text-editor.default\">\n\t\t\t\t<div class=\"elementor-widget-container\">\n\t\t\t\t\t\t\t\t\t<p>o en 1903, cuando Editions F\u00e9ret describi\u00f3 el vi\u00f1edo de 40 hect\u00e1reas de Adrien Durand de Corbiac en P\u00e9charmant o Pech-Charmant como uno de los primeros que se hab\u00edan replantado con plantones americanos injertados con variedades de uva selectas tras la devastaci\u00f3n causada por la filoxera en los vi\u00f1edos franceses a finales del siglo XIX.<\/p>\n\t\t\t\t\t\t\t\t<\/div>\n\t\t\t\t<\/div>\n\t\t\t\t<div class=\"elementor-element elementor-element-501d414 elementor-widget elementor-widget-image\" data-id=\"501d414\" data-element_type=\"widget\" data-e-type=\"widget\" data-widget_type=\"image.default\">\n\t\t\t\t<div class=\"elementor-widget-container\">\n\t\t\t\t\t\t\t\t\t\t\t\t\t\t\t\t<a href=\"https:\/\/www.corbiac.com\/wp-content\/uploads\/2022\/07\/pres1e-1.jpg\" data-elementor-open-lightbox=\"yes\" data-elementor-lightbox-title=\"pres1e\" data-e-action-hash=\"#elementor-action%3Aaction%3Dlightbox%26settings%3DeyJpZCI6MTA0NjksInVybCI6Imh0dHBzOlwvXC93d3cuY29yYmlhYy5jb21cL3dwLWNvbnRlbnRcL3VwbG9hZHNcLzIwMjJcLzA3XC9wcmVzMWUtMS5qcGcifQ%3D%3D\">\n\t\t\t\t\t\t\t<img loading=\"lazy\" decoding=\"async\" width=\"300\" height=\"472\" src=\"https:\/\/www.corbiac.com\/wp-content\/uploads\/elementor\/thumbs\/xstore-placeholder-q4mgcxklatoq43gue2ny8ufr4mewxgre6jy73b4e24.png\" class=\"attachment-large size-large wp-image-10469 lazyload lazyload-simple et-lazyload-fadeIn\" alt=\"\" sizes=\"(max-width: 300px) 100vw, 300px\" data-src=\"https:\/\/www.corbiac.com\/wp-content\/uploads\/2022\/07\/pres1e-1.jpg\" data-srcset=\"https:\/\/www.corbiac.com\/wp-content\/uploads\/2022\/07\/pres1e-1.jpg 300w, https:\/\/www.corbiac.com\/wp-content\/uploads\/2022\/07\/pres1e-1-200x315.jpg 200w, https:\/\/www.corbiac.com\/wp-content\/uploads\/2022\/07\/pres1e-1-191x300.jpg 191w, https:\/\/www.corbiac.com\/wp-content\/uploads\/2022\/07\/pres1e-1-1x1.jpg 1w, https:\/\/www.corbiac.com\/wp-content\/uploads\/2022\/07\/pres1e-1-6x10.jpg 6w, https:\/\/www.corbiac.com\/wp-content\/uploads\/2022\/07\/pres1e-1-64x100.jpg 64w\" \/>\t\t\t\t\t\t\t\t<\/a>\n\t\t\t\t\t\t\t\t\t\t\t\t\t\t\t<\/div>\n\t\t\t\t<\/div>\n\t\t\t\t<div class=\"elementor-element elementor-element-5008de9 elementor-widget elementor-widget-text-editor\" data-id=\"5008de9\" data-element_type=\"widget\" data-e-type=\"widget\" data-widget_type=\"text-editor.default\">\n\t\t\t\t<div class=\"elementor-widget-container\">\n\t\t\t\t\t\t\t\t\t<p>M\u00e1s pertinente que nunca, esta atenci\u00f3n, marcada por una historia ins\u00f3lita, se aplica ahora para orientar Corbiac hacia el futuro en la continuidad y la expresi\u00f3n de una marca singular, que ya afirmaba su car\u00e1cter excepcional en la d\u00e9cada de 1910, y que procede del terru\u00f1o original de los vi\u00f1edos de Bergerac, para deleitar el paladar de los amantes del vino y los gourmets.<\/p>\n\t\t\t\t\t\t\t\t<\/div>\n\t\t\t\t<\/div>\n\t\t\t\t\t<\/div>\n\t\t<\/div>\n\t\t\t\t\t<\/div>\n\t\t<\/section>\n\t\t\t\t<section class=\"elementor-section elementor-inner-section elementor-element elementor-element-58a5a5d elementor-section-boxed elementor-section-height-default elementor-section-height-default\" data-id=\"58a5a5d\" data-element_type=\"section\" data-e-type=\"section\">\n\t\t\t\t\t\t<div class=\"elementor-container elementor-column-gap-default\">\n\t\t\t\t\t<div class=\"elementor-column elementor-col-100 elementor-inner-column elementor-element elementor-element-bf656bd\" data-id=\"bf656bd\" data-element_type=\"column\" data-e-type=\"column\">\n\t\t\t<div class=\"elementor-widget-wrap elementor-element-populated\">\n\t\t\t\t\t\t<div class=\"elementor-element elementor-element-d694a07 elementor-widget elementor-widget-spacer\" data-id=\"d694a07\" data-element_type=\"widget\" data-e-type=\"widget\" data-widget_type=\"spacer.default\">\n\t\t\t\t<div class=\"elementor-widget-container\">\n\t\t\t\t\t\t\t<div class=\"elementor-spacer\">\n\t\t\t<div class=\"elementor-spacer-inner\"><\/div>\n\t\t<\/div>\n\t\t\t\t\t\t<\/div>\n\t\t\t\t<\/div>\n\t\t\t\t<div class=\"elementor-element elementor-element-71bb3d1 elementor-align-center elementor-widget elementor-widget-button\" data-id=\"71bb3d1\" data-element_type=\"widget\" data-e-type=\"widget\" data-widget_type=\"button.default\">\n\t\t\t\t<div class=\"elementor-widget-container\">\n\t\t\t\t\t\t\t\t\t<div class=\"elementor-button-wrapper\">\n\t\t\t\t\t<a class=\"elementor-button elementor-button-link elementor-size-md\" href=\"https:\/\/www.corbiac.com\/corbiac\/\">\n\t\t\t\t\t\t<span class=\"elementor-button-content-wrapper\">\n\t\t\t\t\t\t<span class=\"elementor-button-icon\">\n\t\t\t\t<i aria-hidden=\"true\" class=\"et-icon et-right-arrow\"><\/i>\t\t\t<\/span>\n\t\t\t\t\t\t\t\t\t<span class=\"elementor-button-text\">P\u00e1gina siguiente<\/span>\n\t\t\t\t\t<\/span>\n\t\t\t\t\t<\/a>\n\t\t\t\t<\/div>\n\t\t\t\t\t\t\t\t<\/div>\n\t\t\t\t<\/div>\n\t\t\t\t\t<\/div>\n\t\t<\/div>\n\t\t\t\t\t<\/div>\n\t\t<\/section>\n\t\t\t\t\t<\/div>\n\t\t<\/div>\n\t\t\t\t\t<\/div>\n\t\t<\/section>\n\t\t\t\t<\/div>\n\t\t","protected":false},"excerpt":{"rendered":"<p>A unos cientos de kil\u00f3metros al este de Burdeos se encuentra el vi\u00f1edo de P\u00e9charmant, considerado la joya de la corona de los vinos del&#8230;<\/p>\n","protected":false},"author":1,"featured_media":0,"parent":0,"menu_order":0,"comment_status":"closed","ping_status":"closed","template":"","meta":{"footnotes":""},"class_list":["post-13437","page","type-page","status-publish","hentry"],"_links":{"self":[{"href":"https:\/\/www.corbiac.com\/es\/wp-json\/wp\/v2\/pages\/13437","targetHints":{"allow":["GET"]}}],"collection":[{"href":"https:\/\/www.corbiac.com\/es\/wp-json\/wp\/v2\/pages"}],"about":[{"href":"https:\/\/www.corbiac.com\/es\/wp-json\/wp\/v2\/types\/page"}],"author":[{"embeddable":true,"href":"https:\/\/www.corbiac.com\/es\/wp-json\/wp\/v2\/users\/1"}],"replies":[{"embeddable":true,"href":"https:\/\/www.corbiac.com\/es\/wp-json\/wp\/v2\/comments?post=13437"}],"version-history":[{"count":2,"href":"https:\/\/www.corbiac.com\/es\/wp-json\/wp\/v2\/pages\/13437\/revisions"}],"predecessor-version":[{"id":20990,"href":"https:\/\/www.corbiac.com\/es\/wp-json\/wp\/v2\/pages\/13437\/revisions\/20990"}],"wp:attachment":[{"href":"https:\/\/www.corbiac.com\/es\/wp-json\/wp\/v2\/media?parent=13437"}],"curies":[{"name":"wp","href":"https:\/\/api.w.org\/{rel}","templated":true}]}}